{"id":2109,"date":"2013-04-20T19:12:03","date_gmt":"2013-04-20T17:12:03","guid":{"rendered":"http:\/\/ericlaugier.com\/web\/?page_id=2109"},"modified":"2014-07-14T21:38:48","modified_gmt":"2014-07-14T19:38:48","slug":"1-2","status":"publish","type":"page","link":"https:\/\/ericlaugier.com\/web\/ed-redon-ou-lhistoire-dun-marchand-de-sommeil\/1-2\/","title":{"rendered":"Ed Redon, ou l\u2019histoire d\u2019un marchand de sommeil &#8211; 1"},"content":{"rendered":"<p style=\"text-align: justify;\">Ed n\u2019avait jamais eu la vie facile. D\u00e9j\u00e0 tout petit, on se moquait de lui, de sa taille et de sa corpulence. Sa m\u00e8re \u00e9tait pourtant fi\u00e8re de lui. Pour elle, il \u00e9tait le fils dont elle avait toujours r\u00eav\u00e9. C\u2019\u00e9tait le portrait de son grand-p\u00e8re disait-elle sans qu\u2019Ed ne put vraiment savoir ce qu\u2019elle entendait par l\u00e0. Il avait bien vu dans le grenier quand il n\u2019avait m\u00eame pas quatre ans une vieille photographie qui montrait un petit homme moustachu, impeccablement engonc\u00e9 dans un costume taill\u00e9 sur mesure et qui se tenait, droit comme un i devant ce qui \u00e9tait s\u00fbrement le premier h\u00f4tel familial. Il avait l\u2019oeil malin et s\u00fbrement plein d\u2019espoir dans le coeur \u00e0 l\u2019\u00e9poque. Il ignorait totalement ce que lui r\u00e9servait l\u2019avenir \u00e0 lui et \u00e0 sa descendance.<\/p>\n<p style=\"text-align: justify;\">Ed \u00e9tait n\u00e9 \u00e0 Paris, dans le dix huiti\u00e8me arrondissement, pas tr\u00e8s loin de la place de Clichy, baptis\u00e9 \u00e0 l\u2019\u00c9glise Sainte-Genevi\u00e8ve des Grandes Carri\u00e8res. Son p\u00e8re, il ne l\u2019avait pas vraiment connu et sa m\u00e8re ne lui en avait jamais vraiment parl\u00e9 non plus. De ce qu\u2019elle lui avait laiss\u00e9 entendre, il s\u2019agissait tant\u00f4t d\u2019un voyou, tant\u00f4t d\u2019un homme de passage qui l\u2019avait s\u00e9duite, \u00e9tait rest\u00e9 suffisamment de temps pour lui faire des promesses auxquelles elle avait crues et qui l\u2019avait ensuite quitt\u00e9e juste apr\u00e8s la naissance d\u2019Ed. Elle \u00e9tait rest\u00e9e \u00e0 Paris pour s\u2019occuper de l\u2019affaire de son p\u00e8re qui d\u00e9c\u00e9da quelques temps apr\u00e8s, emport\u00e9 par une crise cardiaque pendant son sommeil. Quel cr\u00e9dit Ed accordait-il aux dires de sa m\u00e8re ? C\u2019\u00e9tait assez difficile \u00e0 dire en d\u00e9finitive. Ed n\u2019\u00e9tait pas un gar\u00e7on qui brillait par son intelligence ou son esprit critique. Tout au plus pouvait-on d\u00e9duire de son attitude qu\u2019il avait d\u00e9velopp\u00e9 une certaine indiff\u00e9rence par rapport \u00e0 cela. Cependant, il para\u00eet qu\u2019aux alentours de ses huit ans, Ed s\u2019\u00e9tait invent\u00e9, sur la rapport circonstancier fait par son institutrice, un p\u00e8re aviateur qui explorait les contr\u00e9es lointaines de la plan\u00e8te et qui, de ce fait, ne pouvait \u00eatre l\u00e0, \u00e0 Paris, retenu par quelque aventure un peu farfelue, truff\u00e9e d\u2019indiens sauvages, de sorciers indig\u00e8nes qui jetaient des sorts effrayants et autres b\u00eates \u00e9tranges qu\u2019il fallait chasser et ramener au pays.<\/p>\n<p style=\"text-align: justify;\">A son douzi\u00e8me anniversaire, Ed allait plut\u00f4t bien en apparence mais les m\u00e9decins lui diagnostiqu\u00e8rent la maladie de G\u00e9lineau. Cette nouvelle ne traumatisa pas le jeune Ed. Pour lui, c\u2019\u00e9tait m\u00eame une particularit\u00e9 dont il tirait une certaine fiert\u00e9 vu qu\u2019il fr\u00e9quentait du coup de grands professeurs qui s\u2019\u00e9vertuaient \u00e0 trouver le traitement qui pourrait lui convenir.<\/p>\n<p style=\"text-align: justify;\">Mais le moins que l\u2019on puisse dire, c\u2019est que les diff\u00e9rents m\u00e9dicaments n\u2019\u00e9taient pas tout \u00e0 fait au point et le jeune Ed essuya quelques effets secondaires dont il se souvint ensuite durant toute sa vie. A seize ans, il changea m\u00eame d\u2019attitude par rapport au monde m\u00e9dical et il rentra en \u201cr\u00e9bellion\u201d contre lui, si tant est qu\u2019on puisse parler vraiment de \u201cr\u00e9bellion\u201d lorsqu\u2019on parle de ne pas suivre tout simplement un traitement prescrit. Cependant cet acte h\u00e9ro\u00efque fut le point de d\u00e9part de la premi\u00e8re et unique aventure f\u00e9minine du jeune homme.<br \/>\nElle s\u2019appelait Emilie. Il \u00e9tait improbable que cette jeune fille puisse s\u2019int\u00e9resser \u00e0 Ed, au d\u00e9part. C\u2019\u00e9tait la fille d\u2019un g\u00e9n\u00e9ral \u00e0 la retraite. Les cheveux ch\u00e2tains, les yeux verts un peu p\u00e9tillants. Une silhouette plut\u00f4t ronde mais qui ne mettait rien en cause de sa f\u00e9minit\u00e9. C\u2019\u00e9tait donc une jolie fille mais loin de pouvoir s\u2019assortir naturellement avec un gar\u00e7on tel qu\u2019Ed.<\/p>\n<p style=\"text-align: justify;\">D\u2019ailleurs, Emilie n\u2019avait jamais remarqu\u00e9 Ed jusqu\u2019\u00e0 ce jour. Au mieux savait-elle qu\u2019il \u00e9tait un peu \u00e0 part car \u00e9tant dans la m\u00eame classe, il \u00e9tait difficile d\u2019ignorer qu\u2019Ed b\u00e9n\u00e9ficiait de certains am\u00e9nagements de son emploi du temps et d\u2019une certaine bienveillance de la part de l\u2019\u00e9quipe p\u00e9dagogique pour raisons m\u00e9dicales. Mais c\u2019\u00e9tait tout. Elle \u00e9tait bonne \u00e9l\u00e8ve en tout et Ed ne l\u2019\u00e9tait sur rien, tant\u00f4t moyen, tant\u00f4t m\u00e9diocre si l\u2019on se r\u00e9f\u00e8re \u00e0 son dossier scolaire.<\/p>\n<p style=\"text-align: justify;\">Pourtant ce jour-l\u00e0, un incident intervint et changea le cours des choses, surtout les sentiments de la demoiselle envers Ed car pour Ed, ce ne fut pas le cas.<\/p>\n","protected":false},"excerpt":{"rendered":"<p>Ed n\u2019avait jamais eu la vie facile. D\u00e9j\u00e0 tout petit, on se moquait de lui, de sa taille et de sa corpulence. Sa m\u00e8re \u00e9tait pourtant fi\u00e8re de lui. Pour elle, il \u00e9tait le fils dont elle avait toujours r\u00eav\u00e9. C\u2019\u00e9tait le portrait de son grand-p\u00e8re disait-elle sans qu\u2019Ed ne put vraiment savoir ce qu\u2019elle [&hellip;]<\/p>\n","protected":false},"author":1,"featured_media":0,"parent":2107,"menu_order":1,"comment_status":"open","ping_status":"open","template":"","meta":{"_exactmetrics_skip_tracking":false,"_exactmetrics_sitenote_active":false,"_exactmetrics_sitenote_note":"","_exactmetrics_sitenote_category":0,"jetpack_post_was_ever_published":false,"footnotes":""},"class_list":["post-2109","page","type-page","status-publish","hentry"],"jetpack_sharing_enabled":true,"jetpack_shortlink":"https:\/\/wp.me\/P4SHRd-y1","_links":{"self":[{"href":"https:\/\/ericlaugier.com\/web\/wp-json\/wp\/v2\/pages\/2109","targetHints":{"allow":["GET"]}}],"collection":[{"href":"https:\/\/ericlaugier.com\/web\/wp-json\/wp\/v2\/pages"}],"about":[{"href":"https:\/\/ericlaugier.com\/web\/wp-json\/wp\/v2\/types\/page"}],"author":[{"embeddable":true,"href":"https:\/\/ericlaugier.com\/web\/wp-json\/wp\/v2\/users\/1"}],"replies":[{"embeddable":true,"href":"https:\/\/ericlaugier.com\/web\/wp-json\/wp\/v2\/comments?post=2109"}],"version-history":[{"count":4,"href":"https:\/\/ericlaugier.com\/web\/wp-json\/wp\/v2\/pages\/2109\/revisions"}],"predecessor-version":[{"id":2322,"href":"https:\/\/ericlaugier.com\/web\/wp-json\/wp\/v2\/pages\/2109\/revisions\/2322"}],"up":[{"embeddable":true,"href":"https:\/\/ericlaugier.com\/web\/wp-json\/wp\/v2\/pages\/2107"}],"wp:attachment":[{"href":"https:\/\/ericlaugier.com\/web\/wp-json\/wp\/v2\/media?parent=2109"}],"curies":[{"name":"wp","href":"https:\/\/api.w.org\/{rel}","templated":true}]}}